{"id":72,"date":"2025-07-03T11:53:36","date_gmt":"2025-07-03T09:53:36","guid":{"rendered":"https:\/\/lacortedierato.it\/?page_id=72"},"modified":"2025-08-29T11:29:07","modified_gmt":"2025-08-29T09:29:07","slug":"home","status":"publish","type":"page","link":"https:\/\/lacortedierato.it\/en\/","title":{"rendered":"home"},"content":{"rendered":"<div class=\"wp-block-group alignfull is-layout-constrained wp-block-group-is-layout-constrained\">\n<div class=\"wp-block-cover alignfull is-light\" style=\"min-height:600px;aspect-ratio:unset;\"><img loading=\"lazy\" decoding=\"async\" width=\"1920\" height=\"1280\" class=\"wp-block-cover__image-background wp-image-531 size-full\" alt=\"\" src=\"https:\/\/lacortedierato.it\/wp-content\/uploads\/foto-andreascarfo_ID6795_edit.jpg\" style=\"object-position:50% 35%\" data-object-fit=\"cover\" data-object-position=\"50% 35%\" srcset=\"https:\/\/lacortedierato.it\/wp-content\/uploads\/foto-andreascarfo_ID6795_edit.jpg 1920w, https:\/\/lacortedierato.it\/wp-content\/uploads\/foto-andreascarfo_ID6795_edit-600x400.jpg 600w, https:\/\/lacortedierato.it\/wp-content\/uploads\/foto-andreascarfo_ID6795_edit-768x512.jpg 768w, https:\/\/lacortedierato.it\/wp-content\/uploads\/foto-andreascarfo_ID6795_edit-1536x1024.jpg 1536w, https:\/\/lacortedierato.it\/wp-content\/uploads\/foto-andreascarfo_ID6795_edit-18x12.jpg 18w\" sizes=\"auto, (max-width: 1920px) 100vw, 1920px\" \/><span aria-hidden=\"true\" class=\"wp-block-cover__background has-palette-color-8-background-color has-background-dim-0 has-background-dim\"><\/span><div class=\"wp-block-cover__inner-container is-layout-constrained wp-block-cover-is-layout-constrained\">\n<p class=\"has-text-align-center has-large-font-size wp-block-paragraph\"><\/p>\n<\/div><\/div>\n<\/div>\n\n\n\n<div class=\"wp-block-group is-layout-constrained wp-container-core-group-is-layout-eb32e9c7 wp-block-group-is-layout-constrained\" style=\"margin-top:100px;margin-bottom:100px\">\n<h2 class=\"wp-block-heading\">Benvenuti alla Corte di \u00c8rato<\/h2>\n\n\n\n<p class=\"wp-block-paragraph\">Nel cuore barocco di Modica, in una corte silenziosa e luminosa, sorge la Corte di Erato: una dimora intima e accogliente.<\/p>\n\n\n\n<p class=\"wp-block-paragraph\">Un luogo dove ogni dettaglio racconta una storia, ogni angolo invita alla quiete, e ogni soggiorno diventa una parentesi di bellezza e autenticit\u00e0<\/p>\n<\/div>\n\n\n\n<div class=\"wp-block-columns colsmarg is-layout-flex wp-container-core-columns-is-layout-5e8fe449 wp-block-columns-is-layout-flex\" style=\"margin-top:100px;margin-bottom:100px\">\n<div class=\"wp-block-column invertimageorderonmobile relative is-layout-flow wp-block-column-is-layout-flow\">\n<figure class=\"wp-block-image size-full\"><img loading=\"lazy\" decoding=\"async\" width=\"1920\" height=\"1280\" src=\"https:\/\/lacortedierato.it\/wp-content\/uploads\/Solis_foto-andreascarfo_ID6750.jpg\" alt=\"\" class=\"wp-image-348\" srcset=\"https:\/\/lacortedierato.it\/wp-content\/uploads\/Solis_foto-andreascarfo_ID6750.jpg 1920w, https:\/\/lacortedierato.it\/wp-content\/uploads\/Solis_foto-andreascarfo_ID6750-600x400.jpg 600w, https:\/\/lacortedierato.it\/wp-content\/uploads\/Solis_foto-andreascarfo_ID6750-768x512.jpg 768w, https:\/\/lacortedierato.it\/wp-content\/uploads\/Solis_foto-andreascarfo_ID6750-1536x1024.jpg 1536w, https:\/\/lacortedierato.it\/wp-content\/uploads\/Solis_foto-andreascarfo_ID6750-18x12.jpg 18w\" sizes=\"auto, (max-width: 1920px) 100vw, 1920px\" \/><\/figure>\n\n\n\n<h2 class=\"wp-block-heading\">Le dimore<\/h2>\n\n\n\n<p class=\"wp-block-paragraph\">Quattro dimore indipendenti, intime e luminose, ispirate al mondo della poesia<\/p>\n\n\n\n<ul class=\"wp-block-list\">\n<li><strong>Solis <\/strong>\/ Suite \/ fino a 6 persone<\/li>\n\n\n\n<li><strong>Aura <\/strong>\/ Monolocale \/ fino a 4 persone<\/li>\n\n\n\n<li><strong>Lithos <\/strong>\/ Monolocale \/ fino a 4 persone<\/li>\n\n\n\n<li><strong>Selene <\/strong>\/ Monolocale \/ fino a 4 persone<\/li>\n<\/ul>\n\n\n\n<div class=\"wp-block-uagb-buttons uagb-buttons__outer-wrap uagb-btn__default-btn uagb-btn-tablet__default-btn uagb-btn-mobile__default-btn uagb-block-254e68f0\"><div class=\"uagb-buttons__wrap uagb-buttons-layout-wrap\">\n<div class=\"wp-block-uagb-buttons-child uagb-buttons__outer-wrap uagb-block-409ac975 wp-block-button overlay\"><div class=\"uagb-button__wrapper\"><a class=\"uagb-buttons-repeater wp-block-button__link\" aria-label=\"&gt;\" href=\"\/en\/accommodations\/\" rel=\"follow noopener\" target=\"_self\" role=\"button\"><\/a><\/div><\/div>\n<\/div><\/div>\n<\/div>\n\n\n\n<div class=\"wp-block-column relative is-layout-flow wp-block-column-is-layout-flow\">\n<h2 class=\"wp-block-heading\">Modica, citt\u00e0 di pietra e poesia<\/h2>\n\n\n\n<p class=\"wp-block-paragraph\">Citt\u00e0 Patrimonio dell&#8217;Umanit\u00e0 UNESCO, Modica \u00e8 un intreccio di luce e memoria, di scorci mozzafiato e suggestioni letterarie.<\/p>\n\n\n\n<p class=\"wp-block-paragraph\">Qui nacque Salvatore Quasimodo, tra la pietra calda e le scalinate sinuose che parlano ancora la lingua antica della poesia<\/p>\n\n\n\n<figure class=\"wp-block-image size-full padtop2\"><img loading=\"lazy\" decoding=\"async\" width=\"1920\" height=\"1280\" src=\"https:\/\/lacortedierato.it\/wp-content\/uploads\/Modica-San-Giorgio-visto-dal-belvedere-dellItria-2.jpg\" alt=\"\" class=\"wp-image-189\" srcset=\"https:\/\/lacortedierato.it\/wp-content\/uploads\/Modica-San-Giorgio-visto-dal-belvedere-dellItria-2.jpg 1920w, https:\/\/lacortedierato.it\/wp-content\/uploads\/Modica-San-Giorgio-visto-dal-belvedere-dellItria-2-600x400.jpg 600w, https:\/\/lacortedierato.it\/wp-content\/uploads\/Modica-San-Giorgio-visto-dal-belvedere-dellItria-2-768x512.jpg 768w, https:\/\/lacortedierato.it\/wp-content\/uploads\/Modica-San-Giorgio-visto-dal-belvedere-dellItria-2-1536x1024.jpg 1536w, https:\/\/lacortedierato.it\/wp-content\/uploads\/Modica-San-Giorgio-visto-dal-belvedere-dellItria-2-18x12.jpg 18w\" sizes=\"auto, (max-width: 1920px) 100vw, 1920px\" \/><\/figure>\n\n\n\n<div class=\"wp-block-uagb-buttons uagb-buttons__outer-wrap uagb-btn__default-btn uagb-btn-tablet__default-btn uagb-btn-mobile__default-btn uagb-block-d59dc5db\"><div class=\"uagb-buttons__wrap uagb-buttons-layout-wrap\">\n<div class=\"wp-block-uagb-buttons-child uagb-buttons__outer-wrap uagb-block-ac3a84a9 wp-block-button overlay\"><div class=\"uagb-button__wrapper\"><a class=\"uagb-buttons-repeater wp-block-button__link\" aria-label=\"&gt;\" href=\"\/en\/modica-e-la-sicilia\/\" rel=\"follow noopener\" target=\"_self\" role=\"button\"><\/a><\/div><\/div>\n<\/div><\/div>\n<\/div>\n<\/div>\n\n\n\n<div class=\"wp-block-columns colsmarg is-layout-flex wp-container-core-columns-is-layout-5e8fe449 wp-block-columns-is-layout-flex\" style=\"margin-top:100px;margin-bottom:100px\">\n<div class=\"wp-block-column invertimageorderonmobile relative is-layout-flow wp-block-column-is-layout-flow\">\n<figure class=\"wp-block-image size-full\"><img loading=\"lazy\" decoding=\"async\" width=\"1920\" height=\"1280\" src=\"https:\/\/lacortedierato.it\/wp-content\/uploads\/Modica-San-Pietro.jpg\" alt=\"\" class=\"wp-image-364\" srcset=\"https:\/\/lacortedierato.it\/wp-content\/uploads\/Modica-San-Pietro.jpg 1920w, https:\/\/lacortedierato.it\/wp-content\/uploads\/Modica-San-Pietro-600x400.jpg 600w, https:\/\/lacortedierato.it\/wp-content\/uploads\/Modica-San-Pietro-768x512.jpg 768w, https:\/\/lacortedierato.it\/wp-content\/uploads\/Modica-San-Pietro-1536x1024.jpg 1536w, https:\/\/lacortedierato.it\/wp-content\/uploads\/Modica-San-Pietro-18x12.jpg 18w\" sizes=\"auto, (max-width: 1920px) 100vw, 1920px\" \/><\/figure>\n\n\n\n<h2 class=\"wp-block-heading\">Radici profonde<\/h2>\n\n\n\n<p class=\"wp-block-paragraph\">Corte di Erato nasce dal desiderio di una coppia di modicani di far ritorno, con il cuore, alle proprie radici.<\/p>\n\n\n\n<p class=\"wp-block-paragraph\">Un progetto nato dalla nostalgia e dall\u2019amore per questa terra, oggi aperto a chi cerca un soggiorno autentico, curato, e profondamente legato al territorio<\/p>\n\n\n\n<div class=\"wp-block-uagb-buttons uagb-buttons__outer-wrap uagb-btn__default-btn uagb-btn-tablet__default-btn uagb-btn-mobile__default-btn uagb-block-330be0ae\"><div class=\"uagb-buttons__wrap uagb-buttons-layout-wrap\">\n<div class=\"wp-block-uagb-buttons-child uagb-buttons__outer-wrap uagb-block-4bad8ffb wp-block-button overlay\"><div class=\"uagb-button__wrapper\"><a class=\"uagb-buttons-repeater wp-block-button__link\" aria-label=\"&gt;\" href=\"\/en\/modica-e-la-sicilia\/\" rel=\"follow noopener\" target=\"_self\" role=\"button\"><\/a><\/div><\/div>\n<\/div><\/div>\n<\/div>\n\n\n\n<div class=\"wp-block-column relative is-layout-flow wp-block-column-is-layout-flow\">\n<h2 class=\"wp-block-heading\">I nostri servizi<\/h2>\n\n\n\n<p class=\"wp-block-paragraph\">Ogni alloggio \u00e8 stato pensato per offrirvi il massimo comfort:<\/p>\n\n\n\n<ul class=\"wp-block-list\">\n<li>Cucina attrezzata<\/li>\n\n\n\n<li>Asciugamani e biancheria<\/li>\n\n\n\n<li>Aria condizionata \/ riscaldamento<\/li>\n\n\n\n<li>Macchina del caff\u00e8<\/li>\n\n\n\n<li>Bagno privato<\/li>\n\n\n\n<li>Wi-Fi<\/li>\n\n\n\n<li>TV<\/li>\n\n\n\n<li>Culla su richiesta<\/li>\n<\/ul>\n\n\n\n<figure class=\"wp-block-image size-full padtop2\"><img loading=\"lazy\" decoding=\"async\" width=\"1920\" height=\"1280\" src=\"https:\/\/lacortedierato.it\/wp-content\/uploads\/Selene_foto-andreascarfo_ID6673.jpg\" alt=\"\" class=\"wp-image-316\" srcset=\"https:\/\/lacortedierato.it\/wp-content\/uploads\/Selene_foto-andreascarfo_ID6673.jpg 1920w, https:\/\/lacortedierato.it\/wp-content\/uploads\/Selene_foto-andreascarfo_ID6673-600x400.jpg 600w, https:\/\/lacortedierato.it\/wp-content\/uploads\/Selene_foto-andreascarfo_ID6673-768x512.jpg 768w, https:\/\/lacortedierato.it\/wp-content\/uploads\/Selene_foto-andreascarfo_ID6673-1536x1024.jpg 1536w, https:\/\/lacortedierato.it\/wp-content\/uploads\/Selene_foto-andreascarfo_ID6673-18x12.jpg 18w\" sizes=\"auto, (max-width: 1920px) 100vw, 1920px\" \/><\/figure>\n\n\n\n<div class=\"wp-block-uagb-buttons uagb-buttons__outer-wrap uagb-btn__default-btn uagb-btn-tablet__default-btn uagb-btn-mobile__default-btn uagb-block-5158b53f\"><div class=\"uagb-buttons__wrap uagb-buttons-layout-wrap\">\n<div class=\"wp-block-uagb-buttons-child uagb-buttons__outer-wrap uagb-block-6a67e3f6 wp-block-button overlay\"><div class=\"uagb-button__wrapper\"><a class=\"uagb-buttons-repeater wp-block-button__link\" aria-label=\"&gt;\" href=\"\/en\/modica-e-la-sicilia\/\" rel=\"follow noopener\" target=\"_self\" role=\"button\"><\/a><\/div><\/div>\n<\/div><\/div>\n<\/div>\n<\/div>\n\n\n\n<div class=\"wp-block-group prefooterform is-layout-constrained wp-container-core-group-is-layout-41bf47d3 wp-block-group-is-layout-constrained\" style=\"margin-top:100px;margin-bottom:100px\">\n<h2 class=\"wp-block-heading has-text-align-center\">Come contattarci<\/h2>\n\n\n\n<p class=\"has-text-align-center wp-block-paragraph\"><a href=\"mailto:info@lacortedierato.it\" data-type=\"mailto\" data-id=\"mailto:info@lacortedierato.it\" target=\"_blank\" rel=\"noreferrer noopener nofollow\"><span class=\"wp-rich-text-font-awesome-icon wp-font-awesome-icon\"><svg aria-hidden=\"true\" focusable=\"false\" data-prefix=\"fas\" data-icon=\"envelope\" class=\"svg-inline--fa fa-envelope\" role=\"img\" xmlns=\"http:\/\/www.w3.org\/2000\/svg\" viewbox=\"0 0 512 512\"><path fill=\"currentColor\" d=\"M48 64C21.5 64 0 85.5 0 112c0 15.1 7.1 29.3 19.2 38.4L236.8 313.6c11.4 8.5 27 8.5 38.4 0L492.8 150.4c12.1-9.1 19.2-23.3 19.2-38.4c0-26.5-21.5-48-48-48L48 64zM0 176L0 384c0 35.3 28.7 64 64 64l384 0c35.3 0 64-28.7 64-64l0-208L294.4 339.2c-22.8 17.1-54 17.1-76.8 0L0 176z\"><\/path><\/svg><\/span> info@lacortedierato.it<\/a><br><a href=\"tel:+393514512435\" target=\"_blank\" rel=\"noreferrer noopener nofollow\"><span class=\"wp-rich-text-font-awesome-icon wp-font-awesome-icon\"><svg aria-hidden=\"true\" focusable=\"false\" data-prefix=\"fab\" data-icon=\"whatsapp\" class=\"svg-inline--fa fa-whatsapp\" role=\"img\" xmlns=\"http:\/\/www.w3.org\/2000\/svg\" viewbox=\"0 0 448 512\"><path fill=\"currentColor\" d=\"M380.9 97.1C339 55.1 283.2 32 223.9 32c-122.4 0-222 99.6-222 222 0 39.1 10.2 77.3 29.6 111L0 480l117.7-30.9c32.4 17.7 68.9 27 106.1 27h.1c122.3 0 224.1-99.6 224.1-222 0-59.3-25.2-115-67.1-157zm-157 341.6c-33.2 0-65.7-8.9-94-25.7l-6.7-4-69.8 18.3L72 359.2l-4.4-7c-18.5-29.4-28.2-63.3-28.2-98.2 0-101.7 82.8-184.5 184.6-184.5 49.3 0 95.6 19.2 130.4 54.1 34.8 34.9 56.2 81.2 56.1 130.5 0 101.8-84.9 184.6-186.6 184.6zm101.2-138.2c-5.5-2.8-32.8-16.2-37.9-18-5.1-1.9-8.8-2.8-12.5 2.8-3.7 5.6-14.3 18-17.6 21.8-3.2 3.7-6.5 4.2-12 1.4-32.6-16.3-54-29.1-75.5-66-5.7-9.8 5.7-9.1 16.3-30.3 1.8-3.7.9-6.9-.5-9.7-1.4-2.8-12.5-30.1-17.1-41.2-4.5-10.8-9.1-9.3-12.5-9.5-3.2-.2-6.9-.2-10.6-.2-3.7 0-9.7 1.4-14.8 6.9-5.1 5.6-19.4 19-19.4 46.3 0 27.3 19.9 53.7 22.6 57.4 2.8 3.7 39.1 59.7 94.8 83.8 35.2 15.2 49 16.5 66.6 13.9 10.7-1.6 32.8-13.4 37.4-26.4 4.6-13 4.6-24.1 3.2-26.4-1.3-2.5-5-3.9-10.5-6.6z\"><\/path><\/svg><\/span> 351 451 2435<br><\/a>Oppure scrivici usando il modulo di contatto qui di seguito<\/p>\n\n\n\n<div class=\"wp-block-contact-form-7-contact-form-selector\">\n<div class=\"wpcf7 no-js\" id=\"wpcf7-f87-o1\" lang=\"it-IT\" dir=\"ltr\" data-wpcf7-id=\"87\">\n<div class=\"screen-reader-response\"><p role=\"status\" aria-live=\"polite\" aria-atomic=\"true\"><\/p> <ul><\/ul><\/div>\n<form action=\"\/en\/wp-json\/wp\/v2\/pages\/72#wpcf7-f87-o1\" method=\"post\" class=\"wpcf7-form init\" aria-label=\"Modulo di contatto\" novalidate=\"novalidate\" data-status=\"init\" data-trp-original-action=\"\/en\/wp-json\/wp\/v2\/pages\/72#wpcf7-f87-o1\">\n<fieldset class=\"hidden-fields-container\"><input type=\"hidden\" name=\"_wpcf7\" value=\"87\" \/><input type=\"hidden\" name=\"_wpcf7_version\" value=\"6.1.1\" \/><input type=\"hidden\" name=\"_wpcf7_locale\" value=\"it_IT\" \/><input type=\"hidden\" name=\"_wpcf7_unit_tag\" value=\"wpcf7-f87-o1\" \/><input type=\"hidden\" name=\"_wpcf7_container_post\" value=\"0\" \/><input type=\"hidden\" name=\"_wpcf7_posted_data_hash\" value=\"\" \/><input type=\"hidden\" name=\"_wpcf7_recaptcha_response\" value=\"\" \/>\n<\/fieldset>\n<div class=\"flex flex-equal\">\n\t<div class=\"pad data\">\n\t\t<p><span class=\"wpcf7-form-control-wrap\" data-name=\"your-name\"><input size=\"40\" maxlength=\"400\" class=\"wpcf7-form-control wpcf7-text wpcf7-validates-as-required\" aria-required=\"true\" aria-invalid=\"false\" placeholder=\"Nome e Cognome\" value=\"\" type=\"text\" name=\"your-name\" \/><\/span>\n\t\t<\/p>\n\t<\/div>\n\t<div class=\"pad data\">\n\t\t<p><span class=\"wpcf7-form-control-wrap\" data-name=\"your-email\"><input size=\"40\" maxlength=\"400\" class=\"wpcf7-form-control wpcf7-email wpcf7-validates-as-required wpcf7-text wpcf7-validates-as-email\" aria-required=\"true\" aria-invalid=\"false\" placeholder=\"Email\" value=\"\" type=\"email\" name=\"your-email\" \/><\/span>\n\t\t<\/p>\n\t<\/div>\n\t<div class=\"pad data\">\n\t\t<p><span class=\"wpcf7-form-control-wrap\" data-name=\"phone\"><input size=\"40\" maxlength=\"400\" class=\"wpcf7-form-control wpcf7-tel wpcf7-text wpcf7-validates-as-tel\" aria-invalid=\"false\" placeholder=\"Telefono\" value=\"\" type=\"tel\" name=\"phone\" \/><\/span>\n\t\t<\/p>\n\t<\/div>\n<\/div>\n<div class=\"pad txarea\">\n\t<p><span class=\"wpcf7-form-control-wrap\" data-name=\"your-message\"><textarea cols=\"40\" rows=\"10\" maxlength=\"2000\" class=\"wpcf7-form-control wpcf7-textarea\" aria-invalid=\"false\" placeholder=\"Digita qui il tuo messaggio\" name=\"your-message\"><\/textarea><\/span>\n\t<\/p>\n<\/div>\n<div class=\"pad priv\">\n\t<p><span class=\"wpcf7-form-control-wrap\" data-name=\"privacy\"><span class=\"wpcf7-form-control wpcf7-acceptance\"><span class=\"wpcf7-list-item\"><label><input type=\"checkbox\" name=\"privacy\" value=\"1\" aria-invalid=\"false\" \/><span class=\"wpcf7-list-item-label\">Dichiaro di aver letto e compreso l\u2019<a href=\"\/en\/privacy-policy\/\" target=\"_blank\">Informativa sulla Privacy<\/a> e acconsento al trattamento dei miei dati personali ai sensi del Regolamento UE 2016\/679 (GDPR).<\/span><\/label><\/span><\/span><\/span>\n\t<\/p>\n<\/div>\n<p class=\"tcenter\"><input class=\"wpcf7-form-control wpcf7-submit has-spinner\" type=\"submit\" value=\"Invia\" \/>\n<\/p><p style=\"display: none !important;\" class=\"akismet-fields-container\" data-prefix=\"_wpcf7_ak_\"><label>&#916;<textarea name=\"_wpcf7_ak_hp_textarea\" cols=\"45\" rows=\"8\" maxlength=\"100\"><\/textarea><\/label><input type=\"hidden\" id=\"ak_js_1\" name=\"_wpcf7_ak_js\" value=\"238\"\/><script>document.getElementById( \"ak_js_1\" ).setAttribute( \"value\", ( new Date() ).getTime() );<\/script><\/p><div class=\"wpcf7-response-output\" aria-hidden=\"true\"><\/div>\n<input type=\"hidden\" name=\"trp-form-language\" value=\"en\"\/><\/form>\n<\/div>\n<\/div>\n<\/div>\n\n\n\n<p class=\"wp-block-paragraph\"><\/p>","protected":false},"excerpt":{"rendered":"<p>Benvenuti alla Corte di \u00c8rato Nel cuore barocco di Modica, in una corte silenziosa e luminosa, sorge la Corte di Erato: una dimora intima e accogliente. Un luogo dove ogni dettaglio racconta una storia, ogni angolo invita alla quiete, e ogni soggiorno diventa una parentesi di bellezza e autenticit\u00e0 Le dimore Quattro dimore indipendenti, intime [&hellip;]<\/p>","protected":false},"author":1,"featured_media":0,"parent":0,"menu_order":0,"comment_status":"closed","ping_status":"closed","template":"","meta":{"_acf_changed":false,"_uag_custom_page_level_css":"","footnotes":""},"class_list":["post-72","page","type-page","status-publish","hentry"],"blocksy_meta":[],"acf":[],"yoast_head":"<!-- This site is optimized with the Yoast SEO plugin v25.9 - https:\/\/yoast.com\/wordpress\/plugins\/seo\/ -->\n<title>la Corte di Erato - Hospitality in Modica Alta<\/title>\n<meta name=\"description\" content=\"La Corte di Erato: dimore intime nel cuore barocco di Modica. Un soggiorno autentico tra poesia, pietra e bellezza siciliana\" \/>\n<meta name=\"robots\" content=\"index, follow, max-snippet:-1, max-image-preview:large, max-video-preview:-1\" \/>\n<link rel=\"canonical\" href=\"https:\/\/lacortedierato.it\/en\/\" \/>\n<meta property=\"og:locale\" content=\"en_GB\" \/>\n<meta property=\"og:type\" content=\"article\" \/>\n<meta property=\"og:title\" content=\"la Corte di Erato - Hospitality in Modica Alta\" \/>\n<meta property=\"og:description\" content=\"La Corte di Erato: dimore intime nel cuore barocco di Modica. Un soggiorno autentico tra poesia, pietra e bellezza siciliana\" \/>\n<meta property=\"og:url\" content=\"https:\/\/lacortedierato.it\/en\/\" \/>\n<meta property=\"og:site_name\" content=\"la Corte di Erato\" \/>\n<meta property=\"article:modified_time\" content=\"2025-08-29T09:29:07+00:00\" \/>\n<meta property=\"og:image\" content=\"https:\/\/lacortedierato.it\/wp-content\/uploads\/foto-andreascarfo_ID6795_edit.jpg\" \/>\n\t<meta property=\"og:image:width\" content=\"1920\" \/>\n\t<meta property=\"og:image:height\" content=\"1280\" \/>\n\t<meta property=\"og:image:type\" content=\"image\/jpeg\" \/>\n<meta name=\"twitter:card\" content=\"summary_large_image\" \/>\n<meta name=\"twitter:label1\" content=\"Estimated reading time\" \/>\n\t<meta name=\"twitter:data1\" content=\"3 minutes\" \/>\n<script type=\"application\/ld+json\" class=\"yoast-schema-graph\">{\"@context\":\"https:\/\/schema.org\",\"@graph\":[{\"@type\":\"WebPage\",\"@id\":\"https:\/\/lacortedierato.it\/\",\"url\":\"https:\/\/lacortedierato.it\/\",\"name\":\"la Corte di Erato - Hospitality in Modica Alta\",\"isPartOf\":{\"@id\":\"https:\/\/lacortedierato.it\/#website\"},\"primaryImageOfPage\":{\"@id\":\"https:\/\/lacortedierato.it\/#primaryimage\"},\"image\":{\"@id\":\"https:\/\/lacortedierato.it\/#primaryimage\"},\"thumbnailUrl\":\"https:\/\/lacortedierato.it\/wp-content\/uploads\/foto-andreascarfo_ID6795_edit.jpg\",\"datePublished\":\"2025-07-03T09:53:36+00:00\",\"dateModified\":\"2025-08-29T09:29:07+00:00\",\"description\":\"La Corte di Erato: dimore intime nel cuore barocco di Modica. Un soggiorno autentico tra poesia, pietra e bellezza siciliana\",\"breadcrumb\":{\"@id\":\"https:\/\/lacortedierato.it\/#breadcrumb\"},\"inLanguage\":\"en-GB\",\"potentialAction\":[{\"@type\":\"ReadAction\",\"target\":[\"https:\/\/lacortedierato.it\/\"]}]},{\"@type\":\"ImageObject\",\"inLanguage\":\"en-GB\",\"@id\":\"https:\/\/lacortedierato.it\/#primaryimage\",\"url\":\"https:\/\/lacortedierato.it\/wp-content\/uploads\/foto-andreascarfo_ID6795_edit.jpg\",\"contentUrl\":\"https:\/\/lacortedierato.it\/wp-content\/uploads\/foto-andreascarfo_ID6795_edit.jpg\"},{\"@type\":\"BreadcrumbList\",\"@id\":\"https:\/\/lacortedierato.it\/#breadcrumb\",\"itemListElement\":[{\"@type\":\"ListItem\",\"position\":1,\"name\":\"Home\",\"item\":\"https:\/\/lacortedierato.it\/\"},{\"@type\":\"ListItem\",\"position\":2,\"name\":\"home\"}]},{\"@type\":\"WebSite\",\"@id\":\"https:\/\/lacortedierato.it\/#website\",\"url\":\"https:\/\/lacortedierato.it\/\",\"name\":\"la Corte di Erato\",\"description\":\"Hospitality in Modica Alta\",\"publisher\":{\"@id\":\"https:\/\/lacortedierato.it\/#organization\"},\"potentialAction\":[{\"@type\":\"SearchAction\",\"target\":{\"@type\":\"EntryPoint\",\"urlTemplate\":\"https:\/\/lacortedierato.it\/?s={search_term_string}\"},\"query-input\":{\"@type\":\"PropertyValueSpecification\",\"valueRequired\":true,\"valueName\":\"search_term_string\"}}],\"inLanguage\":\"en-GB\"},{\"@type\":\"Organization\",\"@id\":\"https:\/\/lacortedierato.it\/#organization\",\"name\":\"la Corte di Erato\",\"url\":\"https:\/\/lacortedierato.it\/\",\"logo\":{\"@type\":\"ImageObject\",\"inLanguage\":\"en-GB\",\"@id\":\"https:\/\/lacortedierato.it\/#\/schema\/logo\/image\/\",\"url\":\"https:\/\/lacortedierato.it\/wp-content\/uploads\/la-corte-di-Erato-logo-header.png\",\"contentUrl\":\"https:\/\/lacortedierato.it\/wp-content\/uploads\/la-corte-di-Erato-logo-header.png\",\"width\":273,\"height\":145,\"caption\":\"la Corte di Erato\"},\"image\":{\"@id\":\"https:\/\/lacortedierato.it\/#\/schema\/logo\/image\/\"}}]}<\/script>\n<!-- \/ Yoast SEO plugin. -->","yoast_head_json":{"title":"la Corte di Erato - Hospitality in Modica Alta","description":"La Corte di Erato: dimore intime nel cuore barocco di Modica. Un soggiorno autentico tra poesia, pietra e bellezza siciliana","robots":{"index":"index","follow":"follow","max-snippet":"max-snippet:-1","max-image-preview":"max-image-preview:large","max-video-preview":"max-video-preview:-1"},"canonical":"https:\/\/lacortedierato.it\/en\/","og_locale":"en_GB","og_type":"article","og_title":"la Corte di Erato - Hospitality in Modica Alta","og_description":"La Corte di Erato: dimore intime nel cuore barocco di Modica. Un soggiorno autentico tra poesia, pietra e bellezza siciliana","og_url":"https:\/\/lacortedierato.it\/en\/","og_site_name":"la Corte di Erato","article_modified_time":"2025-08-29T09:29:07+00:00","og_image":[{"width":1920,"height":1280,"url":"https:\/\/lacortedierato.it\/wp-content\/uploads\/foto-andreascarfo_ID6795_edit.jpg","type":"image\/jpeg"}],"twitter_card":"summary_large_image","twitter_misc":{"Estimated reading time":"3 minutes"},"schema":{"@context":"https:\/\/schema.org","@graph":[{"@type":"WebPage","@id":"https:\/\/lacortedierato.it\/","url":"https:\/\/lacortedierato.it\/","name":"la Corte di Erato - Hospitality in Modica Alta","isPartOf":{"@id":"https:\/\/lacortedierato.it\/#website"},"primaryImageOfPage":{"@id":"https:\/\/lacortedierato.it\/#primaryimage"},"image":{"@id":"https:\/\/lacortedierato.it\/#primaryimage"},"thumbnailUrl":"https:\/\/lacortedierato.it\/wp-content\/uploads\/foto-andreascarfo_ID6795_edit.jpg","datePublished":"2025-07-03T09:53:36+00:00","dateModified":"2025-08-29T09:29:07+00:00","description":"La Corte di Erato: dimore intime nel cuore barocco di Modica. Un soggiorno autentico tra poesia, pietra e bellezza siciliana","breadcrumb":{"@id":"https:\/\/lacortedierato.it\/#breadcrumb"},"inLanguage":"en-GB","potentialAction":[{"@type":"ReadAction","target":["https:\/\/lacortedierato.it\/"]}]},{"@type":"ImageObject","inLanguage":"en-GB","@id":"https:\/\/lacortedierato.it\/#primaryimage","url":"https:\/\/lacortedierato.it\/wp-content\/uploads\/foto-andreascarfo_ID6795_edit.jpg","contentUrl":"https:\/\/lacortedierato.it\/wp-content\/uploads\/foto-andreascarfo_ID6795_edit.jpg"},{"@type":"BreadcrumbList","@id":"https:\/\/lacortedierato.it\/#breadcrumb","itemListElement":[{"@type":"ListItem","position":1,"name":"Home","item":"https:\/\/lacortedierato.it\/"},{"@type":"ListItem","position":2,"name":"home"}]},{"@type":"WebSite","@id":"https:\/\/lacortedierato.it\/#website","url":"https:\/\/lacortedierato.it\/","name":"la Corte di Erato","description":"Hospitality in Modica Alta","publisher":{"@id":"https:\/\/lacortedierato.it\/#organization"},"potentialAction":[{"@type":"SearchAction","target":{"@type":"EntryPoint","urlTemplate":"https:\/\/lacortedierato.it\/?s={search_term_string}"},"query-input":{"@type":"PropertyValueSpecification","valueRequired":true,"valueName":"search_term_string"}}],"inLanguage":"en-GB"},{"@type":"Organization","@id":"https:\/\/lacortedierato.it\/#organization","name":"la Corte di Erato","url":"https:\/\/lacortedierato.it\/","logo":{"@type":"ImageObject","inLanguage":"en-GB","@id":"https:\/\/lacortedierato.it\/#\/schema\/logo\/image\/","url":"https:\/\/lacortedierato.it\/wp-content\/uploads\/la-corte-di-Erato-logo-header.png","contentUrl":"https:\/\/lacortedierato.it\/wp-content\/uploads\/la-corte-di-Erato-logo-header.png","width":273,"height":145,"caption":"la Corte di Erato"},"image":{"@id":"https:\/\/lacortedierato.it\/#\/schema\/logo\/image\/"}}]}},"uagb_featured_image_src":{"full":false,"thumbnail":false,"medium":false,"medium_large":false,"large":false,"1536x1536":false,"2048x2048":false,"trp-custom-language-flag":false},"uagb_author_info":{"display_name":"qbianco","author_link":"https:\/\/lacortedierato.it\/en\/author\/qbianco\/"},"uagb_comment_info":0,"uagb_excerpt":"Benvenuti alla Corte di \u00c8rato Nel cuore barocco di Modica, in una corte silenziosa e luminosa, sorge la Corte di Erato: una dimora intima e accogliente. Un luogo dove ogni dettaglio racconta una storia, ogni angolo invita alla quiete, e ogni soggiorno diventa una parentesi di bellezza e autenticit\u00e0 Le dimore Quattro dimore indipendenti, intime&hellip;","_links":{"self":[{"href":"https:\/\/lacortedierato.it\/en\/wp-json\/wp\/v2\/pages\/72","targetHints":{"allow":["GET"]}}],"collection":[{"href":"https:\/\/lacortedierato.it\/en\/wp-json\/wp\/v2\/pages"}],"about":[{"href":"https:\/\/lacortedierato.it\/en\/wp-json\/wp\/v2\/types\/page"}],"author":[{"embeddable":true,"href":"https:\/\/lacortedierato.it\/en\/wp-json\/wp\/v2\/users\/1"}],"replies":[{"embeddable":true,"href":"https:\/\/lacortedierato.it\/en\/wp-json\/wp\/v2\/comments?post=72"}],"version-history":[{"count":33,"href":"https:\/\/lacortedierato.it\/en\/wp-json\/wp\/v2\/pages\/72\/revisions"}],"predecessor-version":[{"id":532,"href":"https:\/\/lacortedierato.it\/en\/wp-json\/wp\/v2\/pages\/72\/revisions\/532"}],"wp:attachment":[{"href":"https:\/\/lacortedierato.it\/en\/wp-json\/wp\/v2\/media?parent=72"}],"curies":[{"name":"wp","href":"https:\/\/api.w.org\/{rel}","templated":true}]}}